{"version":"1.0","provider_name":"Mamazsola","provider_url":"https:\/\/mamazsola.cafeblog.hu","author_name":"Mamazsola","author_url":"https:\/\/mamazsola.cafeblog.hu\/author\/mamazsola\/","title":"Babaszoba bemutat\u00f3","html":"<p style=\"text-align: justify\">..\u00e9s azt hiszem elk\u00e9sz\u00fclt. Egyetlen elem hi\u00e1nyzik csak, de ezen m\u00e1r vacill\u00e1lok egy ideje. Eredetileg saj\u00e1t kez\u0171leg gy\u00e1rtott baby-mobilet vagyis bel\u00f3g\u00f3t akartam a kis\u00e1gy f\u00f6l\u00e9. T\u00f6bbf\u00e9le tervem is volt, amib\u0151l \u00e9n magam is alig tudtam v\u00e1lasztani. Azt\u00e1n, b\u00e1r a bark\u00e1csolhatn\u00e9k m\u00e9g a kezemben van, arra gondoltam, hogy biztos kell ez? Ki mondja, hogy minden bab\u00e1nak kell ilyen? Aki ismer, tudja, hogy mindenben szeretem a k\u00fcl\u00f6nlegeset, ebben a szob\u00e1ban azt hiszem ez lesz az. Nem lesz benne ilyen t\u00e1rgy. :) (ZSOla-t\u00f3l am\u00fagy is kaptunk k\u00f6lcs\u00f6n egy akt\u00edv\/j\u00e1tsz\u00f3 sz\u0151nyeget amin himb\u00e1l\u00f3znak mindenf\u00e9le kedves j\u00e1t\u00e9kok, ez helyettes\u00edtheti majd.)<\/p>\r\n<p style=\"text-align: justify\">Az <a href=\"http:\/\/mamazsola.blog.hu\/2013\/11\/06\/gyerekszoba_szuletik\" target=\"_blank\">eredeti koncepci\u00f3t<\/a> (erd\u0151, erdei \u00e1llatok, felh\u0151k, es\u0151cseppek, t\u00fcrkiz \u00e9s sz\u00fcrke) pr\u00f3b\u00e1ltam megtartani, de ugyanakkor persze \u00e9sszer\u0171 (p\u00e9nz)keretek k\u00f6z\u00f6tt is tartani valamint p\u00e1r m\u00e1r megl\u00e9v\u0151 elemet, lehet\u0151s\u00e9g szerint (pl. kanap\u00e9, sz\u0151nyeg, szoptat\u00f3s fotel) be\u00e9p\u00edteni. Nagyon klassz volt egy teljes szob\u00e1t csak saj\u00e1t elgondol\u00e1sb\u00f3l berendezni \u00e9s k\u00f6zben v\u00e1rni P\u00e1n P\u00e9terre. Mennyit \u00e1csorogtam (reggeli\/esti fogmos\u00e1s k\u00f6zben) az alakul\u00f3 szob\u00e1ban.. H\u00e1t ilyen lett:<\/p>\r\n<p style=\"text-align: justify\"><img class=\"imgnotext\" src=\"https:\/\/mamazsola.cafeblog.hu\/files\/2014\/03\/szoba1.png\" alt=\"szoba1.png\" \/><\/p>\r\n<!--more-->\r\n<p style=\"text-align: justify\"><em>Plusz:<\/em> Az ablakon tal\u00e1lhat\u00f3 kisebb felh\u0151 matrica kr\u00e9t\u00e1val \u00edrhat\u00f3. A kis\u00e1gy alatt pedig alig l\u00e1that\u00f3 ugyan, de rejtett, extra t\u00e1rol\u00f3 hely lapul. A mennyezetr\u0151l lel\u00f3g\u00f3 l\u00e1mpa (igen) b\u00fara n\u00e9lk\u00fcli. Textilk\u00e1belen csup\u00e1n egy minim\u00e1l, energiatakar\u00e9kos izz\u00f3. A jobb oldali ablakokon kin\u00e9zve pont Lord Bruno birtok\u00e1ra l\u00e1tni, de az\u00e9rt nem \u00e1rt egy \u0151rz\u0151 kutyi a babaszob\u00e1ba is, falmatrica form\u00e1j\u00e1ban.<\/p>\r\n<img class=\"imgnotext\" src=\"https:\/\/mamazsola.cafeblog.hu\/files\/2014\/03\/szoba2.png\" alt=\"szoba2.png\" \/>\r\n<p style=\"text-align: justify\"><em>Plusz:<\/em> A polcon a gyerekk\u00f6nyveken k\u00edv\u00fcl egy pap\u00edrerd\u0151 kapott helyett. Az eredetileg <a href=\"http:\/\/mamazsola.blog.hu\/2013\/11\/22\/adventi_kalendarium_ok\" target=\"_blank\">adventi kalend\u00e1riumk<\/a>\u00e9nt funkcion\u00e1l\u00f3 \u00e1llatk\u00e1kat, hegyeket, f\u00e1kat stb. m\u00e1r elk\u00e9sz\u00edt\u00e9s\u00fckkor ide sz\u00e1ntam. A f\u0151 mot\u00edvum (es\u0151cseppek) itt is megjelennek.<\/p>\r\n<img class=\"imgnotext\" src=\"https:\/\/mamazsola.cafeblog.hu\/files\/2014\/03\/szoba3.png\" alt=\"szoba3.png\" \/>\r\n<p style=\"text-align: justify\"><em>Plusz:<\/em> Az IKEA hack pelenk\u00e1z\u00f3r\u00f3l k\u00e9s\u0151bb b\u0151vebben. Ez Nagyap\u00f3 \u00e9rdeme. :) Itt most csak annyit, hogy nem tal\u00e1ltam \u00e1rban \u00e9s kin\u00e9zetben egyar\u00e1nt tetszet\u0151s pelenk\u00e1z\u00f3t, \u00edgy egy kom\u00f3dot alak\u00edtottunk \u00e1t. A pelenk\u00e1z\u00f3 k\u00f6r\u00fcl t\u00f6bb retro t\u00e1rgy is tal\u00e1lhat\u00f3. Az ablakp\u00e1rk\u00e1nyon egy kazetta form\u00e1j\u00fa design persely pihen (ez T\u00f6kmag apuk\u00e1j\u00e1nak szerzem\u00e9nye). A polcok mellett l\u00f3g a mi gyerekkori (v\u00e1ndor) felh\u00fazhat\u00f3s-altat\u00f3-zen\u00e9l\u0151nk. A polc sz\u00e9l\u00e9n pedig egy szint\u00e9n gyerekkori r\u00f3ka b\u00e1b cs\u00fccs\u00fcl (frissen mosva b\u00e1r, de borzasan).<\/p>","type":"rich"}